{"id":6602,"date":"2013-01-01T15:37:01","date_gmt":"2013-01-01T15:37:01","guid":{"rendered":"https:\/\/test.akkreditierungsrat.ch\/info\/prof-dr-gabriele-siegert\/"},"modified":"2023-05-25T09:58:59","modified_gmt":"2023-05-25T09:58:59","slug":"prof-dr-gabriele-siegert","status":"publish","type":"portfolio_page","link":"https:\/\/akkreditierungsrat.ch\/fr\/info\/prof-dr-gabriele-siegert\/","title":{"rendered":"Pr Dr Gabriele Siegert"},"content":{"rendered":"<p>Gabriele Siegert est prorectrice de l\u2019enseignement et des \u00e9tudes et vice-rectrice de l\u2019universit\u00e9 de Zurich, o\u00f9 elle a \u00e9t\u00e9 nomm\u00e9e en 2001 professeure ordinaire de sciences de la publication, sp\u00e9cialis\u00e9e dans l\u2019\u00e9conomie des m\u00e9dias. Apr\u00e8s des \u00e9tudes en sciences \u00e9conomiques et sociales, elle a enseign\u00e9 et fait de la recherche dans diff\u00e9rentes universit\u00e9s, notamment celles d\u2019Augsbourg, de Salzbourg et d\u2019I\u00e9na, ainsi qu\u2019\u00e0 la Hochschule f\u00fcr Musik, Theater und Medien de Hanovre.<\/p>\n<p>Gabriele Siegert a \u00e9t\u00e9 pr\u00e9sidente de la Soci\u00e9t\u00e9 suisse des sciences de la communication et des m\u00e9dias de 2005 \u00e0 2009, directrice de l\u2019Institut des sciences de la communication et des m\u00e9dias de l\u2019Universit\u00e9 de Zurich de 2009 \u00e0 2013 et vice-doyenne de la recherche \u00e0 la Facult\u00e9 des lettres de 2008 \u00e0 2012. Elle a en outre pr\u00e9sid\u00e9 la Fondation pour la recherche scientifique de l\u2019Universit\u00e9 de Zurich de 2011 \u00e0 2017 et a \u00e9t\u00e9 membre de la Commission f\u00e9d\u00e9rale des m\u00e9dias (COFEM) de 2013 \u00e0 2017. De f\u00e9vrier \u00e0 juillet 2020, elle a exerc\u00e9 la fonction de pr\u00e9sidente <em>ad interim<\/em> de l\u2019Universit\u00e9 de Zurich.<\/p>\n","protected":false},"excerpt":{"rendered":"<p>Gabriele Siegert est prorectrice de l\u2019enseignement et des \u00e9tudes et vice-rectrice de l\u2019universit\u00e9 de Zurich, o\u00f9 elle a \u00e9t\u00e9 nomm\u00e9e en 2001 professeure ordinaire de sciences de la publication, sp\u00e9cialis\u00e9e dans l\u2019\u00e9conomie des m\u00e9dias. Apr\u00e8s des \u00e9tudes en sciences \u00e9conomiques et sociales, elle a enseign\u00e9&#8230;<\/p>\n","protected":false},"author":13,"featured_media":7225,"menu_order":60,"comment_status":"closed","ping_status":"closed","template":"","portfolio_category":[131],"portfolio_tag":[],"class_list":["post-6602","portfolio_page","type-portfolio_page","status-publish","has-post-thumbnail","hentry","portfolio_category-akkreditierungsrat-fr"],"_links":{"self":[{"href":"https:\/\/akkreditierungsrat.ch\/fr\/wp-json\/wp\/v2\/portfolio_page\/6602","targetHints":{"allow":["GET"]}}],"collection":[{"href":"https:\/\/akkreditierungsrat.ch\/fr\/wp-json\/wp\/v2\/portfolio_page"}],"about":[{"href":"https:\/\/akkreditierungsrat.ch\/fr\/wp-json\/wp\/v2\/types\/portfolio_page"}],"author":[{"embeddable":true,"href":"https:\/\/akkreditierungsrat.ch\/fr\/wp-json\/wp\/v2\/users\/13"}],"replies":[{"embeddable":true,"href":"https:\/\/akkreditierungsrat.ch\/fr\/wp-json\/wp\/v2\/comments?post=6602"}],"wp:featuredmedia":[{"embeddable":true,"href":"https:\/\/akkreditierungsrat.ch\/fr\/wp-json\/wp\/v2\/media\/7225"}],"wp:attachment":[{"href":"https:\/\/akkreditierungsrat.ch\/fr\/wp-json\/wp\/v2\/media?parent=6602"}],"wp:term":[{"taxonomy":"portfolio_category","embeddable":true,"href":"https:\/\/akkreditierungsrat.ch\/fr\/wp-json\/wp\/v2\/portfolio_category?post=6602"},{"taxonomy":"portfolio_tag","embeddable":true,"href":"https:\/\/akkreditierungsrat.ch\/fr\/wp-json\/wp\/v2\/portfolio_tag?post=6602"}],"curies":[{"name":"wp","href":"https:\/\/api.w.org\/{rel}","templated":true}]}}