{"id":6972,"date":"2022-10-13T15:08:24","date_gmt":"2022-10-13T15:08:24","guid":{"rendered":"https:\/\/akkreditierungsrat.ch\/rat\/"},"modified":"2023-07-05T09:42:18","modified_gmt":"2023-07-05T09:42:18","slug":"consiglio","status":"publish","type":"page","link":"https:\/\/akkreditierungsrat.ch\/it\/consiglio\/","title":{"rendered":"Consiglio"},"content":{"rendered":"<div class=\"wpb-content-wrapper\"><p>[vc_row css_animation=&#8221;&#8221; row_type=&#8221;row&#8221; use_row_as_full_screen_section=&#8221;no&#8221; type=&#8221;full_width&#8221; angled_section=&#8221;no&#8221; text_align=&#8221;left&#8221; background_image_as_pattern=&#8221;without_pattern&#8221; poster=&#8221;&#8221; mp4=&#8221;&#8221; m4v=&#8221;&#8221; webm=&#8221;&#8221; ogv=&#8221;&#8221; overlay=&#8221;&#8221;][vc_column][vc_empty_space height=&#8221;25px&#8221;][\/vc_column][\/vc_row][vc_row css_animation=&#8221;&#8221; row_type=&#8221;row&#8221; use_row_as_full_screen_section=&#8221;no&#8221; type=&#8221;grid&#8221; angled_section=&#8221;no&#8221; text_align=&#8221;left&#8221; background_image_as_pattern=&#8221;without_pattern&#8221; poster=&#8221;&#8221; mp4=&#8221;&#8221; m4v=&#8221;&#8221; webm=&#8221;&#8221; ogv=&#8221;&#8221; overlay=&#8221;&#8221; z_index=&#8221;&#8221; padding_bottom=&#8221;50px&#8221;][vc_column width=&#8221;3\/4&#8243;][vc_column_text css=&#8221;.vc_custom_1678271599302{padding-bottom: 20px !important;}&#8221;]Il Consiglio svizzero di accreditamento \u00e8 l\u2019organo comune della Confederazione e dei Cantoni per l\u2019accreditamento e la garanzia della qualit\u00e0 nel settore universitario svizzero. \u00c8 dunque l&#8217;istituzione competente per le procedure di accreditamento ai sensi della <a href=\"https:\/\/www.fedlex.admin.ch\/eli\/cc\/2014\/691\/it\" target=\"_blank\" rel=\"noopener\">LPSU<\/a>, sia per l\u2019accreditamento istituzionale che per l\u2019accreditamento di programmi. Nel quadro dell\u2019accreditamento istituzionale, esamina il sistema di garanzia della qualit\u00e0 delle scuole universitarie in quanto a insegnamento, ricerca e prestazione di servizi; nel quadro dell\u2019accreditamento di programmi, esamina la garanzia della qualit\u00e0 della concezione e dell\u2019attuazione del curriculum. Il Consiglio \u00e8 inoltre l&#8217;organo di vigilanza dell\u2019<a href=\"https:\/\/aaq.ch\/it\/\" target=\"_blank\" rel=\"noopener\">Agenzia svizzera di accreditamento e garanzia della qualit\u00e0 (AAQ)<\/a> e l\u2019organo di riconoscimento di altre <a href=\"https:\/\/akkreditierungsrat.ch\/it\/accreditamento\/#agenzie\">agenzie<\/a> in Svizzera e all\u2019estero.<\/p>\n<p>Il Consiglio \u00e8 attualmente composto da 15 <a href=\"#membri\">membri<\/a> indipendenti, cinque dei quali lavorano all\u2019estero. Il gruppo \u00e8 rappresentativo degli ambiti di insegnamento e di ricerca nonch\u00e9 dell\u2019equilibrio tra i sessi.[\/vc_column_text][vc_empty_space height=&#8221;50px&#8221;][\/vc_column][vc_column width=&#8221;1\/4&#8243;][\/vc_column][\/vc_row][vc_row css_animation=&#8221;&#8221; row_type=&#8221;row&#8221; use_row_as_full_screen_section=&#8221;yes&#8221; type=&#8221;full_width&#8221; in_content_menu=&#8221;in_content_menu&#8221; content_menu_icon=&#8221;&#8221; angled_section=&#8221;no&#8221; text_align=&#8221;left&#8221; background_image_as_pattern=&#8221;without_pattern&#8221; css=&#8221;.vc_custom_1678262800751{margin-top: 32px !important;}&#8221; el_id=&#8221;membri&#8221; z_index=&#8221;&#8221; content_menu_title=&#8221;Mitglieder&#8221;][vc_column][vc_row_inner row_type=&#8221;row&#8221; type=&#8221;grid&#8221; text_align=&#8221;left&#8221; css_animation=&#8221;&#8221; el_class=&#8221;image-members&#8221;][vc_column_inner][vc_column_text css=&#8221;.vc_custom_1678124505514{padding-bottom: 32px !important;}&#8221;]<\/p>\n<h2>Membri<\/h2>\n<p>[\/vc_column_text]<div class=\"projects_masonry_wrapper \">\n    \n    <div class=\"projects_masonry_holder portfolio_main_holder gs5 \">\n        <div class=\"qode-portfolio-masonry-gallery-grid-sizer\"><\/div>\n        <div class=\"qode-portfolio-masonry-gallery-grid-gutter\"><\/div>\n\n        <article class='portfolio_masonry_item portfolio_category_132 default'>\n    \n    \n    \n        <div class=\"item_holder split_up\">\n\n            <div class=\"text_holder\">\n    <div class=\"text_holder_outer\">\n        <div class=\"text_holder_inner\">\n            \n                \n    <h5 itemprop=\"name\" class=\"portfolio_title entry_title\"><a itemprop=\"url\" href=\"https:\/\/akkreditierungsrat.ch\/it\/info\/dr-markus-hodel\/\"  target=\"_self\"> Dr Markus Hodel <br> <span>Presidente<\/span><\/a><\/h5>\n\n\n                    <div style=\"background-color: #eaeaea\" class=\"portfolio_separator separator  small center\"><\/div>\n\n                \n            \n        <\/div>\n    <\/div>\n<\/div>\n\n                            <a itemprop=\"url\" class=\"portfolio_link_class\" title=\"Dr Markus Hodel &lt;br&gt; &lt;span&gt;Presidente&lt;\/span&gt;\" href=\"https:\/\/akkreditierungsrat.ch\/it\/info\/dr-markus-hodel\/\"><\/a>\n            \n            <div style=\"\" class=\"portfolio_shader\"><\/div>\n            <div class=\"image_holder\">\n                \n<span class='image'><img loading=\"lazy\" decoding=\"async\" width=\"500\" height=\"500\" src=\"https:\/\/akkreditierungsrat.ch\/wp\/wp-content\/uploads\/2001\/01\/Markus_Hodel_09-500x500.jpg\" class=\"attachment-portfolio_masonry_regular size-portfolio_masonry_regular wp-post-image\" alt=\"\" srcset=\"https:\/\/akkreditierungsrat.ch\/wp\/wp-content\/uploads\/2001\/01\/Markus_Hodel_09-500x500.jpg 500w, https:\/\/akkreditierungsrat.ch\/wp\/wp-content\/uploads\/2001\/01\/Markus_Hodel_09-150x150.jpg 150w, https:\/\/akkreditierungsrat.ch\/wp\/wp-content\/uploads\/2001\/01\/Markus_Hodel_09-570x570.jpg 570w\" sizes=\"auto, (max-width: 500px) 100vw, 500px\" \/><\/span>            <\/div>\n        <\/div>\n\n    <\/article><article class='portfolio_masonry_item portfolio_category_132 default'>\n    \n    \n    \n        <div class=\"item_holder split_up\">\n\n            <div class=\"text_holder\">\n    <div class=\"text_holder_outer\">\n        <div class=\"text_holder_inner\">\n            \n                \n    <h5 itemprop=\"name\" class=\"portfolio_title entry_title\"><a itemprop=\"url\" href=\"https:\/\/akkreditierungsrat.ch\/it\/info\/prof-dr-daniela-freisler-muehlemann\/\"  target=\"_self\"> Prof Dr Daniela Freisler-M\u00fchlemann <br> <span>Vicepresidente<\/span><\/a><\/h5>\n\n\n                    <div style=\"background-color: #eaeaea\" class=\"portfolio_separator separator  small center\"><\/div>\n\n                \n            \n        <\/div>\n    <\/div>\n<\/div>\n\n                            <a itemprop=\"url\" class=\"portfolio_link_class\" title=\"Prof Dr Daniela Freisler-M\u00fchlemann &lt;br&gt; &lt;span&gt;Vicepresidente&lt;\/span&gt;\" href=\"https:\/\/akkreditierungsrat.ch\/it\/info\/prof-dr-daniela-freisler-muehlemann\/\"><\/a>\n            \n            <div style=\"\" class=\"portfolio_shader\"><\/div>\n            <div class=\"image_holder\">\n                \n<span class='image'><img loading=\"lazy\" decoding=\"async\" width=\"500\" height=\"500\" src=\"https:\/\/akkreditierungsrat.ch\/wp\/wp-content\/uploads\/2002\/01\/Daniela_Freisler_Muehlemann_39-500x500.jpg\" class=\"attachment-portfolio_masonry_regular size-portfolio_masonry_regular wp-post-image\" alt=\"\" srcset=\"https:\/\/akkreditierungsrat.ch\/wp\/wp-content\/uploads\/2002\/01\/Daniela_Freisler_Muehlemann_39-500x500.jpg 500w, https:\/\/akkreditierungsrat.ch\/wp\/wp-content\/uploads\/2002\/01\/Daniela_Freisler_Muehlemann_39-150x150.jpg 150w, https:\/\/akkreditierungsrat.ch\/wp\/wp-content\/uploads\/2002\/01\/Daniela_Freisler_Muehlemann_39-570x570.jpg 570w\" sizes=\"auto, (max-width: 500px) 100vw, 500px\" \/><\/span>            <\/div>\n        <\/div>\n\n    <\/article><article class='portfolio_masonry_item portfolio_category_132 default'>\n    \n    \n    \n        <div class=\"item_holder split_up\">\n\n            <div class=\"text_holder\">\n    <div class=\"text_holder_outer\">\n        <div class=\"text_holder_inner\">\n            \n                \n    <h5 itemprop=\"name\" class=\"portfolio_title entry_title\"><a itemprop=\"url\" href=\"https:\/\/akkreditierungsrat.ch\/it\/info\/prof-dr-jean-philippe-ansermet\/\"  target=\"_self\"> Prof Dr Jean-Philippe Ansermet <br> <span>Vicepresidente<\/span><\/a><\/h5>\n\n\n                    <div style=\"background-color: #eaeaea\" class=\"portfolio_separator separator  small center\"><\/div>\n\n                \n            \n        <\/div>\n    <\/div>\n<\/div>\n\n                            <a itemprop=\"url\" class=\"portfolio_link_class\" title=\"Prof Dr Jean-Philippe Ansermet &lt;br&gt; &lt;span&gt;Vicepresidente&lt;\/span&gt;\" href=\"https:\/\/akkreditierungsrat.ch\/it\/info\/prof-dr-jean-philippe-ansermet\/\"><\/a>\n            \n            <div style=\"\" class=\"portfolio_shader\"><\/div>\n            <div class=\"image_holder\">\n                \n<span class='image'><img loading=\"lazy\" decoding=\"async\" width=\"500\" height=\"500\" src=\"https:\/\/akkreditierungsrat.ch\/wp\/wp-content\/uploads\/2004\/01\/Jean_Philippe_Ansermet_21-500x500.jpg\" class=\"attachment-portfolio_masonry_regular size-portfolio_masonry_regular wp-post-image\" alt=\"\" srcset=\"https:\/\/akkreditierungsrat.ch\/wp\/wp-content\/uploads\/2004\/01\/Jean_Philippe_Ansermet_21-500x500.jpg 500w, https:\/\/akkreditierungsrat.ch\/wp\/wp-content\/uploads\/2004\/01\/Jean_Philippe_Ansermet_21-150x150.jpg 150w, https:\/\/akkreditierungsrat.ch\/wp\/wp-content\/uploads\/2004\/01\/Jean_Philippe_Ansermet_21-570x570.jpg 570w\" sizes=\"auto, (max-width: 500px) 100vw, 500px\" \/><\/span>            <\/div>\n        <\/div>\n\n    <\/article><article class='portfolio_masonry_item portfolio_category_132 default'>\n    \n    \n    \n        <div class=\"item_holder split_up\">\n\n            <div class=\"text_holder\">\n    <div class=\"text_holder_outer\">\n        <div class=\"text_holder_inner\">\n            \n                \n    <h5 itemprop=\"name\" class=\"portfolio_title entry_title\"><a itemprop=\"url\" href=\"https:\/\/akkreditierungsrat.ch\/it\/info\/francesco-bee\/\"  target=\"_self\"> Francesco Bee, MA<\/a><\/h5>\n\n\n                    <div style=\"background-color: #eaeaea\" class=\"portfolio_separator separator  small center\"><\/div>\n\n                \n            \n        <\/div>\n    <\/div>\n<\/div>\n\n                            <a itemprop=\"url\" class=\"portfolio_link_class\" title=\"Francesco Bee, MA\" href=\"https:\/\/akkreditierungsrat.ch\/it\/info\/francesco-bee\/\"><\/a>\n            \n            <div style=\"\" class=\"portfolio_shader\"><\/div>\n            <div class=\"image_holder\">\n                \n<span class='image'><img loading=\"lazy\" decoding=\"async\" width=\"500\" height=\"500\" src=\"https:\/\/akkreditierungsrat.ch\/wp\/wp-content\/uploads\/2005\/01\/Francesco_Bee_20-500x500.jpg\" class=\"attachment-portfolio_masonry_regular size-portfolio_masonry_regular wp-post-image\" alt=\"\" srcset=\"https:\/\/akkreditierungsrat.ch\/wp\/wp-content\/uploads\/2005\/01\/Francesco_Bee_20-500x500.jpg 500w, https:\/\/akkreditierungsrat.ch\/wp\/wp-content\/uploads\/2005\/01\/Francesco_Bee_20-150x150.jpg 150w, https:\/\/akkreditierungsrat.ch\/wp\/wp-content\/uploads\/2005\/01\/Francesco_Bee_20-570x570.jpg 570w\" sizes=\"auto, (max-width: 500px) 100vw, 500px\" \/><\/span>            <\/div>\n        <\/div>\n\n    <\/article><article class='portfolio_masonry_item portfolio_category_132 default'>\n    \n    \n    \n        <div class=\"item_holder split_up\">\n\n            <div class=\"text_holder\">\n    <div class=\"text_holder_outer\">\n        <div class=\"text_holder_inner\">\n            \n                \n    <h5 itemprop=\"name\" class=\"portfolio_title entry_title\"><a itemprop=\"url\" href=\"https:\/\/akkreditierungsrat.ch\/it\/info\/prof-dr-katharina-boele-woelki\/\"  target=\"_self\"> Prof Dr Katharina Boele-Woelki<\/a><\/h5>\n\n\n                    <div style=\"background-color: #eaeaea\" class=\"portfolio_separator separator  small center\"><\/div>\n\n                \n            \n        <\/div>\n    <\/div>\n<\/div>\n\n                            <a itemprop=\"url\" class=\"portfolio_link_class\" title=\"Prof Dr Katharina Boele-Woelki\" href=\"https:\/\/akkreditierungsrat.ch\/it\/info\/prof-dr-katharina-boele-woelki\/\"><\/a>\n            \n            <div style=\"\" class=\"portfolio_shader\"><\/div>\n            <div class=\"image_holder\">\n                \n<span class='image'><img loading=\"lazy\" decoding=\"async\" width=\"500\" height=\"500\" src=\"https:\/\/akkreditierungsrat.ch\/wp\/wp-content\/uploads\/2006\/01\/Katharina_Boele_Woelki_48-500x500.jpg\" class=\"attachment-portfolio_masonry_regular size-portfolio_masonry_regular wp-post-image\" alt=\"\" srcset=\"https:\/\/akkreditierungsrat.ch\/wp\/wp-content\/uploads\/2006\/01\/Katharina_Boele_Woelki_48-500x500.jpg 500w, https:\/\/akkreditierungsrat.ch\/wp\/wp-content\/uploads\/2006\/01\/Katharina_Boele_Woelki_48-150x150.jpg 150w, https:\/\/akkreditierungsrat.ch\/wp\/wp-content\/uploads\/2006\/01\/Katharina_Boele_Woelki_48-570x570.jpg 570w\" sizes=\"auto, (max-width: 500px) 100vw, 500px\" \/><\/span>            <\/div>\n        <\/div>\n\n    <\/article><article class='portfolio_masonry_item portfolio_category_132 default'>\n    \n    \n    \n        <div class=\"item_holder split_up\">\n\n            <div class=\"text_holder\">\n    <div class=\"text_holder_outer\">\n        <div class=\"text_holder_inner\">\n            \n                \n    <h5 itemprop=\"name\" class=\"portfolio_title entry_title\"><a itemprop=\"url\" href=\"https:\/\/akkreditierungsrat.ch\/it\/info\/prof-xavier-bouvier\/\"  target=\"_self\"> Prof Xavier Bouvier<\/a><\/h5>\n\n\n                    <div style=\"background-color: #eaeaea\" class=\"portfolio_separator separator  small center\"><\/div>\n\n                \n            \n        <\/div>\n    <\/div>\n<\/div>\n\n                            <a itemprop=\"url\" class=\"portfolio_link_class\" title=\"Prof Xavier Bouvier\" href=\"https:\/\/akkreditierungsrat.ch\/it\/info\/prof-xavier-bouvier\/\"><\/a>\n            \n            <div style=\"\" class=\"portfolio_shader\"><\/div>\n            <div class=\"image_holder\">\n                \n<span class='image'><img loading=\"lazy\" decoding=\"async\" width=\"500\" height=\"500\" src=\"https:\/\/akkreditierungsrat.ch\/wp\/wp-content\/uploads\/2007\/01\/Xavier_Bouvier_02-500x500.jpg\" class=\"attachment-portfolio_masonry_regular size-portfolio_masonry_regular wp-post-image\" alt=\"\" srcset=\"https:\/\/akkreditierungsrat.ch\/wp\/wp-content\/uploads\/2007\/01\/Xavier_Bouvier_02-500x500.jpg 500w, https:\/\/akkreditierungsrat.ch\/wp\/wp-content\/uploads\/2007\/01\/Xavier_Bouvier_02-150x150.jpg 150w, https:\/\/akkreditierungsrat.ch\/wp\/wp-content\/uploads\/2007\/01\/Xavier_Bouvier_02-570x570.jpg 570w\" sizes=\"auto, (max-width: 500px) 100vw, 500px\" \/><\/span>            <\/div>\n        <\/div>\n\n    <\/article><article class='portfolio_masonry_item portfolio_category_132 default'>\n    \n    \n    \n        <div class=\"item_holder split_up\">\n\n            <div class=\"text_holder\">\n    <div class=\"text_holder_outer\">\n        <div class=\"text_holder_inner\">\n            \n                \n    <h5 itemprop=\"name\" class=\"portfolio_title entry_title\"><a itemprop=\"url\" href=\"https:\/\/akkreditierungsrat.ch\/it\/info\/carla-duss\/\"  target=\"_self\"> Carla Duss, Lic. rel. Int.<\/a><\/h5>\n\n\n                    <div style=\"background-color: #eaeaea\" class=\"portfolio_separator separator  small center\"><\/div>\n\n                \n            \n        <\/div>\n    <\/div>\n<\/div>\n\n                            <a itemprop=\"url\" class=\"portfolio_link_class\" title=\"Carla Duss, Lic. rel. Int.\" href=\"https:\/\/akkreditierungsrat.ch\/it\/info\/carla-duss\/\"><\/a>\n            \n            <div style=\"\" class=\"portfolio_shader\"><\/div>\n            <div class=\"image_holder\">\n                \n<span class='image'><img loading=\"lazy\" decoding=\"async\" width=\"500\" height=\"500\" src=\"https:\/\/akkreditierungsrat.ch\/wp\/wp-content\/uploads\/2008\/01\/Carla_Duss_35-500x500.jpg\" class=\"attachment-portfolio_masonry_regular size-portfolio_masonry_regular wp-post-image\" alt=\"\" srcset=\"https:\/\/akkreditierungsrat.ch\/wp\/wp-content\/uploads\/2008\/01\/Carla_Duss_35-500x500.jpg 500w, https:\/\/akkreditierungsrat.ch\/wp\/wp-content\/uploads\/2008\/01\/Carla_Duss_35-150x150.jpg 150w, https:\/\/akkreditierungsrat.ch\/wp\/wp-content\/uploads\/2008\/01\/Carla_Duss_35-570x570.jpg 570w\" sizes=\"auto, (max-width: 500px) 100vw, 500px\" \/><\/span>            <\/div>\n        <\/div>\n\n    <\/article><article class='portfolio_masonry_item portfolio_category_132 default'>\n    \n    \n    \n        <div class=\"item_holder split_up\">\n\n            <div class=\"text_holder\">\n    <div class=\"text_holder_outer\">\n        <div class=\"text_holder_inner\">\n            \n                \n    <h5 itemprop=\"name\" class=\"portfolio_title entry_title\"><a itemprop=\"url\" href=\"https:\/\/akkreditierungsrat.ch\/it\/info\/maria-kelo\/\"  target=\"_self\"> Maria Kelo, MSc<\/a><\/h5>\n\n\n                    <div style=\"background-color: #eaeaea\" class=\"portfolio_separator separator  small center\"><\/div>\n\n                \n            \n        <\/div>\n    <\/div>\n<\/div>\n\n                            <a itemprop=\"url\" class=\"portfolio_link_class\" title=\"Maria Kelo, MSc\" href=\"https:\/\/akkreditierungsrat.ch\/it\/info\/maria-kelo\/\"><\/a>\n            \n            <div style=\"\" class=\"portfolio_shader\"><\/div>\n            <div class=\"image_holder\">\n                \n<span class='image'><img loading=\"lazy\" decoding=\"async\" width=\"500\" height=\"500\" src=\"https:\/\/akkreditierungsrat.ch\/wp\/wp-content\/uploads\/2009\/01\/Maria_Kelo_32-500x500.jpg\" class=\"attachment-portfolio_masonry_regular size-portfolio_masonry_regular wp-post-image\" alt=\"\" srcset=\"https:\/\/akkreditierungsrat.ch\/wp\/wp-content\/uploads\/2009\/01\/Maria_Kelo_32-500x500.jpg 500w, https:\/\/akkreditierungsrat.ch\/wp\/wp-content\/uploads\/2009\/01\/Maria_Kelo_32-150x150.jpg 150w, https:\/\/akkreditierungsrat.ch\/wp\/wp-content\/uploads\/2009\/01\/Maria_Kelo_32-570x570.jpg 570w\" sizes=\"auto, (max-width: 500px) 100vw, 500px\" \/><\/span>            <\/div>\n        <\/div>\n\n    <\/article><article class='portfolio_masonry_item portfolio_category_132 default'>\n    \n    \n    \n        <div class=\"item_holder split_up\">\n\n            <div class=\"text_holder\">\n    <div class=\"text_holder_outer\">\n        <div class=\"text_holder_inner\">\n            \n                \n    <h5 itemprop=\"name\" class=\"portfolio_title entry_title\"><a itemprop=\"url\" href=\"https:\/\/akkreditierungsrat.ch\/it\/info\/dr-rene-lenggenhager\/\"  target=\"_self\"> Dr Ren\u00e9 Lenggenhager<\/a><\/h5>\n\n\n                    <div style=\"background-color: #eaeaea\" class=\"portfolio_separator separator  small center\"><\/div>\n\n                \n            \n        <\/div>\n    <\/div>\n<\/div>\n\n                            <a itemprop=\"url\" class=\"portfolio_link_class\" title=\"Dr Ren\u00e9 Lenggenhager\" href=\"https:\/\/akkreditierungsrat.ch\/it\/info\/dr-rene-lenggenhager\/\"><\/a>\n            \n            <div style=\"\" class=\"portfolio_shader\"><\/div>\n            <div class=\"image_holder\">\n                \n<span class='image'><img loading=\"lazy\" decoding=\"async\" width=\"500\" height=\"500\" src=\"https:\/\/akkreditierungsrat.ch\/wp\/wp-content\/uploads\/2010\/01\/Rene_Lenggenhager_16-500x500.jpg\" class=\"attachment-portfolio_masonry_regular size-portfolio_masonry_regular wp-post-image\" alt=\"\" srcset=\"https:\/\/akkreditierungsrat.ch\/wp\/wp-content\/uploads\/2010\/01\/Rene_Lenggenhager_16-500x500.jpg 500w, https:\/\/akkreditierungsrat.ch\/wp\/wp-content\/uploads\/2010\/01\/Rene_Lenggenhager_16-150x150.jpg 150w, https:\/\/akkreditierungsrat.ch\/wp\/wp-content\/uploads\/2010\/01\/Rene_Lenggenhager_16-570x570.jpg 570w\" sizes=\"auto, (max-width: 500px) 100vw, 500px\" \/><\/span>            <\/div>\n        <\/div>\n\n    <\/article><article class='portfolio_masonry_item portfolio_category_132 default'>\n    \n    \n    \n        <div class=\"item_holder split_up\">\n\n            <div class=\"text_holder\">\n    <div class=\"text_holder_outer\">\n        <div class=\"text_holder_inner\">\n            \n                \n    <h5 itemprop=\"name\" class=\"portfolio_title entry_title\"><a itemprop=\"url\" href=\"https:\/\/akkreditierungsrat.ch\/it\/info\/prof-dr-christine-musselin\/\"  target=\"_self\"> Prof Dr Christine Musselin<\/a><\/h5>\n\n\n                    <div style=\"background-color: #eaeaea\" class=\"portfolio_separator separator  small center\"><\/div>\n\n                \n            \n        <\/div>\n    <\/div>\n<\/div>\n\n                            <a itemprop=\"url\" class=\"portfolio_link_class\" title=\"Prof Dr Christine Musselin\" href=\"https:\/\/akkreditierungsrat.ch\/it\/info\/prof-dr-christine-musselin\/\"><\/a>\n            \n            <div style=\"\" class=\"portfolio_shader\"><\/div>\n            <div class=\"image_holder\">\n                \n<span class='image'><img loading=\"lazy\" decoding=\"async\" width=\"500\" height=\"500\" src=\"https:\/\/akkreditierungsrat.ch\/wp\/wp-content\/uploads\/2011\/01\/Christine-Musselin-500x500.jpg\" class=\"attachment-portfolio_masonry_regular size-portfolio_masonry_regular wp-post-image\" alt=\"\" srcset=\"https:\/\/akkreditierungsrat.ch\/wp\/wp-content\/uploads\/2011\/01\/Christine-Musselin-500x500.jpg 500w, https:\/\/akkreditierungsrat.ch\/wp\/wp-content\/uploads\/2011\/01\/Christine-Musselin-150x150.jpg 150w, https:\/\/akkreditierungsrat.ch\/wp\/wp-content\/uploads\/2011\/01\/Christine-Musselin-570x570.jpg 570w\" sizes=\"auto, (max-width: 500px) 100vw, 500px\" \/><\/span>            <\/div>\n        <\/div>\n\n    <\/article><article class='portfolio_masonry_item portfolio_category_132 default'>\n    \n    \n    \n        <div class=\"item_holder split_up\">\n\n            <div class=\"text_holder\">\n    <div class=\"text_holder_outer\">\n        <div class=\"text_holder_inner\">\n            \n                \n    <h5 itemprop=\"name\" class=\"portfolio_title entry_title\"><a itemprop=\"url\" href=\"https:\/\/akkreditierungsrat.ch\/it\/info\/prof-dr-alberto-piatti\/\"  target=\"_self\"> Prof Dr Alberto Piatti<\/a><\/h5>\n\n\n                    <div style=\"background-color: #eaeaea\" class=\"portfolio_separator separator  small center\"><\/div>\n\n                \n            \n        <\/div>\n    <\/div>\n<\/div>\n\n                            <a itemprop=\"url\" class=\"portfolio_link_class\" title=\"Prof Dr Alberto Piatti\" href=\"https:\/\/akkreditierungsrat.ch\/it\/info\/prof-dr-alberto-piatti\/\"><\/a>\n            \n            <div style=\"\" class=\"portfolio_shader\"><\/div>\n            <div class=\"image_holder\">\n                \n<span class='image'><img loading=\"lazy\" decoding=\"async\" width=\"500\" height=\"500\" src=\"https:\/\/akkreditierungsrat.ch\/wp\/wp-content\/uploads\/2012\/01\/Alberto_Piatti_39-500x500.jpg\" class=\"attachment-portfolio_masonry_regular size-portfolio_masonry_regular wp-post-image\" alt=\"\" srcset=\"https:\/\/akkreditierungsrat.ch\/wp\/wp-content\/uploads\/2012\/01\/Alberto_Piatti_39-500x500.jpg 500w, https:\/\/akkreditierungsrat.ch\/wp\/wp-content\/uploads\/2012\/01\/Alberto_Piatti_39-150x150.jpg 150w, https:\/\/akkreditierungsrat.ch\/wp\/wp-content\/uploads\/2012\/01\/Alberto_Piatti_39-570x570.jpg 570w\" sizes=\"auto, (max-width: 500px) 100vw, 500px\" \/><\/span>            <\/div>\n        <\/div>\n\n    <\/article><article class='portfolio_masonry_item portfolio_category_132 default'>\n    \n    \n    \n        <div class=\"item_holder split_up\">\n\n            <div class=\"text_holder\">\n    <div class=\"text_holder_outer\">\n        <div class=\"text_holder_inner\">\n            \n                \n    <h5 itemprop=\"name\" class=\"portfolio_title entry_title\"><a itemprop=\"url\" href=\"https:\/\/akkreditierungsrat.ch\/it\/info\/prof-dr-martine-rahier\/\"  target=\"_self\"> Prof Dr Martine Rahier<\/a><\/h5>\n\n\n                    <div style=\"background-color: #eaeaea\" class=\"portfolio_separator separator  small center\"><\/div>\n\n                \n            \n        <\/div>\n    <\/div>\n<\/div>\n\n                            <a itemprop=\"url\" class=\"portfolio_link_class\" title=\"Prof Dr Martine Rahier\" href=\"https:\/\/akkreditierungsrat.ch\/it\/info\/prof-dr-martine-rahier\/\"><\/a>\n            \n            <div style=\"\" class=\"portfolio_shader\"><\/div>\n            <div class=\"image_holder\">\n                \n<span class='image'><img loading=\"lazy\" decoding=\"async\" width=\"500\" height=\"500\" src=\"https:\/\/akkreditierungsrat.ch\/wp\/wp-content\/uploads\/2003\/01\/Martine_Rahier_18-500x500.jpg\" class=\"attachment-portfolio_masonry_regular size-portfolio_masonry_regular wp-post-image\" alt=\"\" srcset=\"https:\/\/akkreditierungsrat.ch\/wp\/wp-content\/uploads\/2003\/01\/Martine_Rahier_18-500x500.jpg 500w, https:\/\/akkreditierungsrat.ch\/wp\/wp-content\/uploads\/2003\/01\/Martine_Rahier_18-150x150.jpg 150w, https:\/\/akkreditierungsrat.ch\/wp\/wp-content\/uploads\/2003\/01\/Martine_Rahier_18-570x570.jpg 570w\" sizes=\"auto, (max-width: 500px) 100vw, 500px\" \/><\/span>            <\/div>\n        <\/div>\n\n    <\/article><article class='portfolio_masonry_item portfolio_category_132 default'>\n    \n    \n    \n        <div class=\"item_holder split_up\">\n\n            <div class=\"text_holder\">\n    <div class=\"text_holder_outer\">\n        <div class=\"text_holder_inner\">\n            \n                \n    <h5 itemprop=\"name\" class=\"portfolio_title entry_title\"><a itemprop=\"url\" href=\"https:\/\/akkreditierungsrat.ch\/it\/info\/prof-dr-gabriele-siegert\/\"  target=\"_self\"> Prof Dr Gabriele Siegert<\/a><\/h5>\n\n\n                    <div style=\"background-color: #eaeaea\" class=\"portfolio_separator separator  small center\"><\/div>\n\n                \n            \n        <\/div>\n    <\/div>\n<\/div>\n\n                            <a itemprop=\"url\" class=\"portfolio_link_class\" title=\"Prof Dr Gabriele Siegert\" href=\"https:\/\/akkreditierungsrat.ch\/it\/info\/prof-dr-gabriele-siegert\/\"><\/a>\n            \n            <div style=\"\" class=\"portfolio_shader\"><\/div>\n            <div class=\"image_holder\">\n                \n<span class='image'><img loading=\"lazy\" decoding=\"async\" width=\"500\" height=\"500\" src=\"https:\/\/akkreditierungsrat.ch\/wp\/wp-content\/uploads\/2013\/01\/Gabriele_Siegert_19-500x500.jpg\" class=\"attachment-portfolio_masonry_regular size-portfolio_masonry_regular wp-post-image\" alt=\"\" srcset=\"https:\/\/akkreditierungsrat.ch\/wp\/wp-content\/uploads\/2013\/01\/Gabriele_Siegert_19-500x500.jpg 500w, https:\/\/akkreditierungsrat.ch\/wp\/wp-content\/uploads\/2013\/01\/Gabriele_Siegert_19-150x150.jpg 150w, https:\/\/akkreditierungsrat.ch\/wp\/wp-content\/uploads\/2013\/01\/Gabriele_Siegert_19-570x570.jpg 570w\" sizes=\"auto, (max-width: 500px) 100vw, 500px\" \/><\/span>            <\/div>\n        <\/div>\n\n    <\/article><article class='portfolio_masonry_item portfolio_category_132 default'>\n    \n    \n    \n        <div class=\"item_holder split_up\">\n\n            <div class=\"text_holder\">\n    <div class=\"text_holder_outer\">\n        <div class=\"text_holder_inner\">\n            \n                \n    <h5 itemprop=\"name\" class=\"portfolio_title entry_title\"><a itemprop=\"url\" href=\"https:\/\/akkreditierungsrat.ch\/it\/info\/prof-dr-anita-tabacco\/\"  target=\"_self\"> Prof Dr Anita Tabacco<\/a><\/h5>\n\n\n                    <div style=\"background-color: #eaeaea\" class=\"portfolio_separator separator  small center\"><\/div>\n\n                \n            \n        <\/div>\n    <\/div>\n<\/div>\n\n                            <a itemprop=\"url\" class=\"portfolio_link_class\" title=\"Prof Dr Anita Tabacco\" href=\"https:\/\/akkreditierungsrat.ch\/it\/info\/prof-dr-anita-tabacco\/\"><\/a>\n            \n            <div style=\"\" class=\"portfolio_shader\"><\/div>\n            <div class=\"image_holder\">\n                \n<span class='image'><img loading=\"lazy\" decoding=\"async\" width=\"500\" height=\"500\" src=\"https:\/\/akkreditierungsrat.ch\/wp\/wp-content\/uploads\/2014\/01\/Anita_Tabacco_08-500x500.jpg\" class=\"attachment-portfolio_masonry_regular size-portfolio_masonry_regular wp-post-image\" alt=\"\" srcset=\"https:\/\/akkreditierungsrat.ch\/wp\/wp-content\/uploads\/2014\/01\/Anita_Tabacco_08-500x500.jpg 500w, https:\/\/akkreditierungsrat.ch\/wp\/wp-content\/uploads\/2014\/01\/Anita_Tabacco_08-150x150.jpg 150w, https:\/\/akkreditierungsrat.ch\/wp\/wp-content\/uploads\/2014\/01\/Anita_Tabacco_08-570x570.jpg 570w\" sizes=\"auto, (max-width: 500px) 100vw, 500px\" \/><\/span>            <\/div>\n        <\/div>\n\n    <\/article><article class='portfolio_masonry_item portfolio_category_132 default'>\n    \n    \n    \n        <div class=\"item_holder split_up\">\n\n            <div class=\"text_holder\">\n    <div class=\"text_holder_outer\">\n        <div class=\"text_holder_inner\">\n            \n                \n    <h5 itemprop=\"name\" class=\"portfolio_title entry_title\"><a itemprop=\"url\" href=\"https:\/\/akkreditierungsrat.ch\/it\/info\/prof-dr-jean-robert-tyran\/\"  target=\"_self\"> Prof Dr Jean-Robert Tyran<\/a><\/h5>\n\n\n                    <div style=\"background-color: #eaeaea\" class=\"portfolio_separator separator  small center\"><\/div>\n\n                \n            \n        <\/div>\n    <\/div>\n<\/div>\n\n                            <a itemprop=\"url\" class=\"portfolio_link_class\" title=\"Prof Dr Jean-Robert Tyran\" href=\"https:\/\/akkreditierungsrat.ch\/it\/info\/prof-dr-jean-robert-tyran\/\"><\/a>\n            \n            <div style=\"\" class=\"portfolio_shader\"><\/div>\n            <div class=\"image_holder\">\n                \n<span class='image'><img loading=\"lazy\" decoding=\"async\" width=\"500\" height=\"500\" src=\"https:\/\/akkreditierungsrat.ch\/wp\/wp-content\/uploads\/2015\/01\/Jean_Robert_Tyran_18-500x500.jpg\" class=\"attachment-portfolio_masonry_regular size-portfolio_masonry_regular wp-post-image\" alt=\"\" srcset=\"https:\/\/akkreditierungsrat.ch\/wp\/wp-content\/uploads\/2015\/01\/Jean_Robert_Tyran_18-500x500.jpg 500w, https:\/\/akkreditierungsrat.ch\/wp\/wp-content\/uploads\/2015\/01\/Jean_Robert_Tyran_18-150x150.jpg 150w, https:\/\/akkreditierungsrat.ch\/wp\/wp-content\/uploads\/2015\/01\/Jean_Robert_Tyran_18-570x570.jpg 570w\" sizes=\"auto, (max-width: 500px) 100vw, 500px\" \/><\/span>            <\/div>\n        <\/div>\n\n    <\/article>\n    <\/div>\n<\/div>[\/vc_column_inner][\/vc_row_inner][vc_row_inner row_type=&#8221;row&#8221; type=&#8221;grid&#8221; text_align=&#8221;left&#8221; css_animation=&#8221;&#8221; el_class=&#8221;no-image-members hide&#8221;][vc_column_inner][vc_column_text css=&#8221;.vc_custom_1678124514468{padding-bottom: 32px !important;}&#8221;]<\/p>\n<h2>Membri<\/h2>\n<p>[\/vc_column_text]<div class='projects_holder_outer v5 portfolio_with_space portfolio_standard'>\n        <div class='projects_holder portfolio_main_holder clearfix v5 standard portfolio_full_image '>\n        \n        <article class='mix portfolio_category_132 default' style=''>\n    \n    \n    \n                <div class='image_holder'>\n                <a itemprop='url' class='portfolio_link_for_touch' href='https:\/\/akkreditierungsrat.ch\/it\/info\/dr-markus-hodel\/' target='_self'>\n                    \n<span class='image'><img loading=\"lazy\" decoding=\"async\" width=\"1024\" height=\"683\" src=\"https:\/\/akkreditierungsrat.ch\/wp\/wp-content\/uploads\/2001\/01\/Markus_Hodel_09.jpg\" class=\"attachment-full size-full wp-post-image\" alt=\"\" srcset=\"https:\/\/akkreditierungsrat.ch\/wp\/wp-content\/uploads\/2001\/01\/Markus_Hodel_09.jpg 1024w, https:\/\/akkreditierungsrat.ch\/wp\/wp-content\/uploads\/2001\/01\/Markus_Hodel_09-300x200.jpg 300w, https:\/\/akkreditierungsrat.ch\/wp\/wp-content\/uploads\/2001\/01\/Markus_Hodel_09-768x512.jpg 768w, https:\/\/akkreditierungsrat.ch\/wp\/wp-content\/uploads\/2001\/01\/Markus_Hodel_09-700x467.jpg 700w\" sizes=\"auto, (max-width: 1024px) 100vw, 1024px\" \/><\/span>                <\/a>\n\n                <span class='text_holder'>\n    <span class='text_outer'>\n        <span class='text_inner'>\n            <span class='feature_holder'>\n                            <span class=\"feature_holder_icons\">';\n                            <a itemprop='image' class='lightbox qbutton small white' title='Dr Markus Hodel &lt;br&gt; &lt;span&gt;Presidente&lt;\/span&gt;' href='https:\/\/akkreditierungsrat.ch\/wp\/wp-content\/uploads\/2001\/01\/Markus_Hodel_09.jpg' data-rel='prettyPhoto[pretty_photo_gallery]'>zoom<\/a>\n    \n                            <a itemprop='url' class='preview qbutton small white' href='https:\/\/akkreditierungsrat.ch\/it\/info\/dr-markus-hodel\/' target='_self'>view<\/i><\/a>\n    \n                                            <\/span>\n        <\/span>\n    <\/span>\n<\/span>            <\/div>\n                <div class='portfolio_description ' >\n\n        \n    <h5 itemprop=\"name\" class=\"portfolio_title entry_title\"><a itemprop=\"url\" href=\"https:\/\/akkreditierungsrat.ch\/it\/info\/dr-markus-hodel\/\"  target=\"_self\"> Dr Markus Hodel <br> <span>Presidente<\/span><\/a><\/h5>\n\n\n            <div style=\"background-color: #eaeaea\" class=\"portfolio_separator separator  small center\"><\/div>\n\n        \n    <\/div>\n        \n<\/article>\n<article class='mix portfolio_category_132 default' style=''>\n    \n    \n    \n                <div class='image_holder'>\n                <a itemprop='url' class='portfolio_link_for_touch' href='https:\/\/akkreditierungsrat.ch\/it\/info\/prof-dr-daniela-freisler-muehlemann\/' target='_self'>\n                    \n<span class='image'><img loading=\"lazy\" decoding=\"async\" width=\"1024\" height=\"683\" src=\"https:\/\/akkreditierungsrat.ch\/wp\/wp-content\/uploads\/2002\/01\/Daniela_Freisler_Muehlemann_39.jpg\" class=\"attachment-full size-full wp-post-image\" alt=\"\" srcset=\"https:\/\/akkreditierungsrat.ch\/wp\/wp-content\/uploads\/2002\/01\/Daniela_Freisler_Muehlemann_39.jpg 1024w, https:\/\/akkreditierungsrat.ch\/wp\/wp-content\/uploads\/2002\/01\/Daniela_Freisler_Muehlemann_39-300x200.jpg 300w, https:\/\/akkreditierungsrat.ch\/wp\/wp-content\/uploads\/2002\/01\/Daniela_Freisler_Muehlemann_39-768x512.jpg 768w, https:\/\/akkreditierungsrat.ch\/wp\/wp-content\/uploads\/2002\/01\/Daniela_Freisler_Muehlemann_39-700x467.jpg 700w\" sizes=\"auto, (max-width: 1024px) 100vw, 1024px\" \/><\/span>                <\/a>\n\n                <span class='text_holder'>\n    <span class='text_outer'>\n        <span class='text_inner'>\n            <span class='feature_holder'>\n                            <span class=\"feature_holder_icons\">';\n                            <a itemprop='image' class='lightbox qbutton small white' title='Prof Dr Daniela Freisler-M\u00fchlemann &lt;br&gt; &lt;span&gt;Vicepresidente&lt;\/span&gt;' href='https:\/\/akkreditierungsrat.ch\/wp\/wp-content\/uploads\/2002\/01\/Daniela_Freisler_Muehlemann_39.jpg' data-rel='prettyPhoto[pretty_photo_gallery]'>zoom<\/a>\n    \n                            <a itemprop='url' class='preview qbutton small white' href='https:\/\/akkreditierungsrat.ch\/it\/info\/prof-dr-daniela-freisler-muehlemann\/' target='_self'>view<\/i><\/a>\n    \n                                            <\/span>\n        <\/span>\n    <\/span>\n<\/span>            <\/div>\n                <div class='portfolio_description ' >\n\n        \n    <h5 itemprop=\"name\" class=\"portfolio_title entry_title\"><a itemprop=\"url\" href=\"https:\/\/akkreditierungsrat.ch\/it\/info\/prof-dr-daniela-freisler-muehlemann\/\"  target=\"_self\"> Prof Dr Daniela Freisler-M\u00fchlemann <br> <span>Vicepresidente<\/span><\/a><\/h5>\n\n\n            <div style=\"background-color: #eaeaea\" class=\"portfolio_separator separator  small center\"><\/div>\n\n        \n    <\/div>\n        \n<\/article>\n<article class='mix portfolio_category_132 default' style=''>\n    \n    \n    \n                <div class='image_holder'>\n                <a itemprop='url' class='portfolio_link_for_touch' href='https:\/\/akkreditierungsrat.ch\/it\/info\/prof-dr-jean-philippe-ansermet\/' target='_self'>\n                    \n<span class='image'><img loading=\"lazy\" decoding=\"async\" width=\"1024\" height=\"683\" src=\"https:\/\/akkreditierungsrat.ch\/wp\/wp-content\/uploads\/2004\/01\/Jean_Philippe_Ansermet_21.jpg\" class=\"attachment-full size-full wp-post-image\" alt=\"\" srcset=\"https:\/\/akkreditierungsrat.ch\/wp\/wp-content\/uploads\/2004\/01\/Jean_Philippe_Ansermet_21.jpg 1024w, https:\/\/akkreditierungsrat.ch\/wp\/wp-content\/uploads\/2004\/01\/Jean_Philippe_Ansermet_21-300x200.jpg 300w, https:\/\/akkreditierungsrat.ch\/wp\/wp-content\/uploads\/2004\/01\/Jean_Philippe_Ansermet_21-768x512.jpg 768w, https:\/\/akkreditierungsrat.ch\/wp\/wp-content\/uploads\/2004\/01\/Jean_Philippe_Ansermet_21-700x467.jpg 700w\" sizes=\"auto, (max-width: 1024px) 100vw, 1024px\" \/><\/span>                <\/a>\n\n                <span class='text_holder'>\n    <span class='text_outer'>\n        <span class='text_inner'>\n            <span class='feature_holder'>\n                            <span class=\"feature_holder_icons\">';\n                            <a itemprop='image' class='lightbox qbutton small white' title='Prof Dr Jean-Philippe Ansermet &lt;br&gt; &lt;span&gt;Vicepresidente&lt;\/span&gt;' href='https:\/\/akkreditierungsrat.ch\/wp\/wp-content\/uploads\/2004\/01\/Jean_Philippe_Ansermet_21.jpg' data-rel='prettyPhoto[pretty_photo_gallery]'>zoom<\/a>\n    \n                            <a itemprop='url' class='preview qbutton small white' href='https:\/\/akkreditierungsrat.ch\/it\/info\/prof-dr-jean-philippe-ansermet\/' target='_self'>view<\/i><\/a>\n    \n                                            <\/span>\n        <\/span>\n    <\/span>\n<\/span>            <\/div>\n                <div class='portfolio_description ' >\n\n        \n    <h5 itemprop=\"name\" class=\"portfolio_title entry_title\"><a itemprop=\"url\" href=\"https:\/\/akkreditierungsrat.ch\/it\/info\/prof-dr-jean-philippe-ansermet\/\"  target=\"_self\"> Prof Dr Jean-Philippe Ansermet <br> <span>Vicepresidente<\/span><\/a><\/h5>\n\n\n            <div style=\"background-color: #eaeaea\" class=\"portfolio_separator separator  small center\"><\/div>\n\n        \n    <\/div>\n        \n<\/article>\n<article class='mix portfolio_category_132 default' style=''>\n    \n    \n    \n                <div class='image_holder'>\n                <a itemprop='url' class='portfolio_link_for_touch' href='https:\/\/akkreditierungsrat.ch\/it\/info\/francesco-bee\/' target='_self'>\n                    \n<span class='image'><img loading=\"lazy\" decoding=\"async\" width=\"1024\" height=\"683\" src=\"https:\/\/akkreditierungsrat.ch\/wp\/wp-content\/uploads\/2005\/01\/Francesco_Bee_20.jpg\" class=\"attachment-full size-full wp-post-image\" alt=\"\" srcset=\"https:\/\/akkreditierungsrat.ch\/wp\/wp-content\/uploads\/2005\/01\/Francesco_Bee_20.jpg 1024w, https:\/\/akkreditierungsrat.ch\/wp\/wp-content\/uploads\/2005\/01\/Francesco_Bee_20-300x200.jpg 300w, https:\/\/akkreditierungsrat.ch\/wp\/wp-content\/uploads\/2005\/01\/Francesco_Bee_20-768x512.jpg 768w, https:\/\/akkreditierungsrat.ch\/wp\/wp-content\/uploads\/2005\/01\/Francesco_Bee_20-700x467.jpg 700w\" sizes=\"auto, (max-width: 1024px) 100vw, 1024px\" \/><\/span>                <\/a>\n\n                <span class='text_holder'>\n    <span class='text_outer'>\n        <span class='text_inner'>\n            <span class='feature_holder'>\n                            <span class=\"feature_holder_icons\">';\n                            <a itemprop='image' class='lightbox qbutton small white' title='Francesco Bee, MA' href='https:\/\/akkreditierungsrat.ch\/wp\/wp-content\/uploads\/2005\/01\/Francesco_Bee_20.jpg' data-rel='prettyPhoto[pretty_photo_gallery]'>zoom<\/a>\n    \n                            <a itemprop='url' class='preview qbutton small white' href='https:\/\/akkreditierungsrat.ch\/it\/info\/francesco-bee\/' target='_self'>view<\/i><\/a>\n    \n                                            <\/span>\n        <\/span>\n    <\/span>\n<\/span>            <\/div>\n                <div class='portfolio_description ' >\n\n        \n    <h5 itemprop=\"name\" class=\"portfolio_title entry_title\"><a itemprop=\"url\" href=\"https:\/\/akkreditierungsrat.ch\/it\/info\/francesco-bee\/\"  target=\"_self\"> Francesco Bee, MA<\/a><\/h5>\n\n\n            <div style=\"background-color: #eaeaea\" class=\"portfolio_separator separator  small center\"><\/div>\n\n        \n    <\/div>\n        \n<\/article>\n<article class='mix portfolio_category_132 default' style=''>\n    \n    \n    \n                <div class='image_holder'>\n                <a itemprop='url' class='portfolio_link_for_touch' href='https:\/\/akkreditierungsrat.ch\/it\/info\/prof-dr-katharina-boele-woelki\/' target='_self'>\n                    \n<span class='image'><img loading=\"lazy\" decoding=\"async\" width=\"1024\" height=\"683\" src=\"https:\/\/akkreditierungsrat.ch\/wp\/wp-content\/uploads\/2006\/01\/Katharina_Boele_Woelki_48.jpg\" class=\"attachment-full size-full wp-post-image\" alt=\"\" srcset=\"https:\/\/akkreditierungsrat.ch\/wp\/wp-content\/uploads\/2006\/01\/Katharina_Boele_Woelki_48.jpg 1024w, https:\/\/akkreditierungsrat.ch\/wp\/wp-content\/uploads\/2006\/01\/Katharina_Boele_Woelki_48-300x200.jpg 300w, https:\/\/akkreditierungsrat.ch\/wp\/wp-content\/uploads\/2006\/01\/Katharina_Boele_Woelki_48-768x512.jpg 768w, https:\/\/akkreditierungsrat.ch\/wp\/wp-content\/uploads\/2006\/01\/Katharina_Boele_Woelki_48-700x467.jpg 700w\" sizes=\"auto, (max-width: 1024px) 100vw, 1024px\" \/><\/span>                <\/a>\n\n                <span class='text_holder'>\n    <span class='text_outer'>\n        <span class='text_inner'>\n            <span class='feature_holder'>\n                            <span class=\"feature_holder_icons\">';\n                            <a itemprop='image' class='lightbox qbutton small white' title='Prof Dr Katharina Boele-Woelki' href='https:\/\/akkreditierungsrat.ch\/wp\/wp-content\/uploads\/2006\/01\/Katharina_Boele_Woelki_48.jpg' data-rel='prettyPhoto[pretty_photo_gallery]'>zoom<\/a>\n    \n                            <a itemprop='url' class='preview qbutton small white' href='https:\/\/akkreditierungsrat.ch\/it\/info\/prof-dr-katharina-boele-woelki\/' target='_self'>view<\/i><\/a>\n    \n                                            <\/span>\n        <\/span>\n    <\/span>\n<\/span>            <\/div>\n                <div class='portfolio_description ' >\n\n        \n    <h5 itemprop=\"name\" class=\"portfolio_title entry_title\"><a itemprop=\"url\" href=\"https:\/\/akkreditierungsrat.ch\/it\/info\/prof-dr-katharina-boele-woelki\/\"  target=\"_self\"> Prof Dr Katharina Boele-Woelki<\/a><\/h5>\n\n\n            <div style=\"background-color: #eaeaea\" class=\"portfolio_separator separator  small center\"><\/div>\n\n        \n    <\/div>\n        \n<\/article>\n<article class='mix portfolio_category_132 default' style=''>\n    \n    \n    \n                <div class='image_holder'>\n                <a itemprop='url' class='portfolio_link_for_touch' href='https:\/\/akkreditierungsrat.ch\/it\/info\/prof-xavier-bouvier\/' target='_self'>\n                    \n<span class='image'><img loading=\"lazy\" decoding=\"async\" width=\"1024\" height=\"683\" src=\"https:\/\/akkreditierungsrat.ch\/wp\/wp-content\/uploads\/2007\/01\/Xavier_Bouvier_02.jpg\" class=\"attachment-full size-full wp-post-image\" alt=\"\" srcset=\"https:\/\/akkreditierungsrat.ch\/wp\/wp-content\/uploads\/2007\/01\/Xavier_Bouvier_02.jpg 1024w, https:\/\/akkreditierungsrat.ch\/wp\/wp-content\/uploads\/2007\/01\/Xavier_Bouvier_02-300x200.jpg 300w, https:\/\/akkreditierungsrat.ch\/wp\/wp-content\/uploads\/2007\/01\/Xavier_Bouvier_02-768x512.jpg 768w, https:\/\/akkreditierungsrat.ch\/wp\/wp-content\/uploads\/2007\/01\/Xavier_Bouvier_02-700x467.jpg 700w\" sizes=\"auto, (max-width: 1024px) 100vw, 1024px\" \/><\/span>                <\/a>\n\n                <span class='text_holder'>\n    <span class='text_outer'>\n        <span class='text_inner'>\n            <span class='feature_holder'>\n                            <span class=\"feature_holder_icons\">';\n                            <a itemprop='image' class='lightbox qbutton small white' title='Prof Xavier Bouvier' href='https:\/\/akkreditierungsrat.ch\/wp\/wp-content\/uploads\/2007\/01\/Xavier_Bouvier_02.jpg' data-rel='prettyPhoto[pretty_photo_gallery]'>zoom<\/a>\n    \n                            <a itemprop='url' class='preview qbutton small white' href='https:\/\/akkreditierungsrat.ch\/it\/info\/prof-xavier-bouvier\/' target='_self'>view<\/i><\/a>\n    \n                                            <\/span>\n        <\/span>\n    <\/span>\n<\/span>            <\/div>\n                <div class='portfolio_description ' >\n\n        \n    <h5 itemprop=\"name\" class=\"portfolio_title entry_title\"><a itemprop=\"url\" href=\"https:\/\/akkreditierungsrat.ch\/it\/info\/prof-xavier-bouvier\/\"  target=\"_self\"> Prof Xavier Bouvier<\/a><\/h5>\n\n\n            <div style=\"background-color: #eaeaea\" class=\"portfolio_separator separator  small center\"><\/div>\n\n        \n    <\/div>\n        \n<\/article>\n<article class='mix portfolio_category_132 default' style=''>\n    \n    \n    \n                <div class='image_holder'>\n                <a itemprop='url' class='portfolio_link_for_touch' href='https:\/\/akkreditierungsrat.ch\/it\/info\/carla-duss\/' target='_self'>\n                    \n<span class='image'><img loading=\"lazy\" decoding=\"async\" width=\"1024\" height=\"683\" src=\"https:\/\/akkreditierungsrat.ch\/wp\/wp-content\/uploads\/2008\/01\/Carla_Duss_35.jpg\" class=\"attachment-full size-full wp-post-image\" alt=\"\" srcset=\"https:\/\/akkreditierungsrat.ch\/wp\/wp-content\/uploads\/2008\/01\/Carla_Duss_35.jpg 1024w, https:\/\/akkreditierungsrat.ch\/wp\/wp-content\/uploads\/2008\/01\/Carla_Duss_35-300x200.jpg 300w, https:\/\/akkreditierungsrat.ch\/wp\/wp-content\/uploads\/2008\/01\/Carla_Duss_35-768x512.jpg 768w, https:\/\/akkreditierungsrat.ch\/wp\/wp-content\/uploads\/2008\/01\/Carla_Duss_35-700x467.jpg 700w\" sizes=\"auto, (max-width: 1024px) 100vw, 1024px\" \/><\/span>                <\/a>\n\n                <span class='text_holder'>\n    <span class='text_outer'>\n        <span class='text_inner'>\n            <span class='feature_holder'>\n                            <span class=\"feature_holder_icons\">';\n                            <a itemprop='image' class='lightbox qbutton small white' title='Carla Duss, Lic. rel. Int.' href='https:\/\/akkreditierungsrat.ch\/wp\/wp-content\/uploads\/2008\/01\/Carla_Duss_35.jpg' data-rel='prettyPhoto[pretty_photo_gallery]'>zoom<\/a>\n    \n                            <a itemprop='url' class='preview qbutton small white' href='https:\/\/akkreditierungsrat.ch\/it\/info\/carla-duss\/' target='_self'>view<\/i><\/a>\n    \n                                            <\/span>\n        <\/span>\n    <\/span>\n<\/span>            <\/div>\n                <div class='portfolio_description ' >\n\n        \n    <h5 itemprop=\"name\" class=\"portfolio_title entry_title\"><a itemprop=\"url\" href=\"https:\/\/akkreditierungsrat.ch\/it\/info\/carla-duss\/\"  target=\"_self\"> Carla Duss, Lic. rel. Int.<\/a><\/h5>\n\n\n            <div style=\"background-color: #eaeaea\" class=\"portfolio_separator separator  small center\"><\/div>\n\n        \n    <\/div>\n        \n<\/article>\n<article class='mix portfolio_category_132 default' style=''>\n    \n    \n    \n                <div class='image_holder'>\n                <a itemprop='url' class='portfolio_link_for_touch' href='https:\/\/akkreditierungsrat.ch\/it\/info\/maria-kelo\/' target='_self'>\n                    \n<span class='image'><img loading=\"lazy\" decoding=\"async\" width=\"1024\" height=\"683\" src=\"https:\/\/akkreditierungsrat.ch\/wp\/wp-content\/uploads\/2009\/01\/Maria_Kelo_32.jpg\" class=\"attachment-full size-full wp-post-image\" alt=\"\" srcset=\"https:\/\/akkreditierungsrat.ch\/wp\/wp-content\/uploads\/2009\/01\/Maria_Kelo_32.jpg 1024w, https:\/\/akkreditierungsrat.ch\/wp\/wp-content\/uploads\/2009\/01\/Maria_Kelo_32-300x200.jpg 300w, https:\/\/akkreditierungsrat.ch\/wp\/wp-content\/uploads\/2009\/01\/Maria_Kelo_32-768x512.jpg 768w, https:\/\/akkreditierungsrat.ch\/wp\/wp-content\/uploads\/2009\/01\/Maria_Kelo_32-700x467.jpg 700w\" sizes=\"auto, (max-width: 1024px) 100vw, 1024px\" \/><\/span>                <\/a>\n\n                <span class='text_holder'>\n    <span class='text_outer'>\n        <span class='text_inner'>\n            <span class='feature_holder'>\n                            <span class=\"feature_holder_icons\">';\n                            <a itemprop='image' class='lightbox qbutton small white' title='Maria Kelo, MSc' href='https:\/\/akkreditierungsrat.ch\/wp\/wp-content\/uploads\/2009\/01\/Maria_Kelo_32.jpg' data-rel='prettyPhoto[pretty_photo_gallery]'>zoom<\/a>\n    \n                            <a itemprop='url' class='preview qbutton small white' href='https:\/\/akkreditierungsrat.ch\/it\/info\/maria-kelo\/' target='_self'>view<\/i><\/a>\n    \n                                            <\/span>\n        <\/span>\n    <\/span>\n<\/span>            <\/div>\n                <div class='portfolio_description ' >\n\n        \n    <h5 itemprop=\"name\" class=\"portfolio_title entry_title\"><a itemprop=\"url\" href=\"https:\/\/akkreditierungsrat.ch\/it\/info\/maria-kelo\/\"  target=\"_self\"> Maria Kelo, MSc<\/a><\/h5>\n\n\n            <div style=\"background-color: #eaeaea\" class=\"portfolio_separator separator  small center\"><\/div>\n\n        \n    <\/div>\n        \n<\/article>\n<article class='mix portfolio_category_132 default' style=''>\n    \n    \n    \n                <div class='image_holder'>\n                <a itemprop='url' class='portfolio_link_for_touch' href='https:\/\/akkreditierungsrat.ch\/it\/info\/dr-rene-lenggenhager\/' target='_self'>\n                    \n<span class='image'><img loading=\"lazy\" decoding=\"async\" width=\"1024\" height=\"683\" src=\"https:\/\/akkreditierungsrat.ch\/wp\/wp-content\/uploads\/2010\/01\/Rene_Lenggenhager_16.jpg\" class=\"attachment-full size-full wp-post-image\" alt=\"\" srcset=\"https:\/\/akkreditierungsrat.ch\/wp\/wp-content\/uploads\/2010\/01\/Rene_Lenggenhager_16.jpg 1024w, https:\/\/akkreditierungsrat.ch\/wp\/wp-content\/uploads\/2010\/01\/Rene_Lenggenhager_16-300x200.jpg 300w, https:\/\/akkreditierungsrat.ch\/wp\/wp-content\/uploads\/2010\/01\/Rene_Lenggenhager_16-768x512.jpg 768w, https:\/\/akkreditierungsrat.ch\/wp\/wp-content\/uploads\/2010\/01\/Rene_Lenggenhager_16-700x467.jpg 700w\" sizes=\"auto, (max-width: 1024px) 100vw, 1024px\" \/><\/span>                <\/a>\n\n                <span class='text_holder'>\n    <span class='text_outer'>\n        <span class='text_inner'>\n            <span class='feature_holder'>\n                            <span class=\"feature_holder_icons\">';\n                            <a itemprop='image' class='lightbox qbutton small white' title='Dr Ren\u00e9 Lenggenhager' href='https:\/\/akkreditierungsrat.ch\/wp\/wp-content\/uploads\/2010\/01\/Rene_Lenggenhager_16.jpg' data-rel='prettyPhoto[pretty_photo_gallery]'>zoom<\/a>\n    \n                            <a itemprop='url' class='preview qbutton small white' href='https:\/\/akkreditierungsrat.ch\/it\/info\/dr-rene-lenggenhager\/' target='_self'>view<\/i><\/a>\n    \n                                            <\/span>\n        <\/span>\n    <\/span>\n<\/span>            <\/div>\n                <div class='portfolio_description ' >\n\n        \n    <h5 itemprop=\"name\" class=\"portfolio_title entry_title\"><a itemprop=\"url\" href=\"https:\/\/akkreditierungsrat.ch\/it\/info\/dr-rene-lenggenhager\/\"  target=\"_self\"> Dr Ren\u00e9 Lenggenhager<\/a><\/h5>\n\n\n            <div style=\"background-color: #eaeaea\" class=\"portfolio_separator separator  small center\"><\/div>\n\n        \n    <\/div>\n        \n<\/article>\n<article class='mix portfolio_category_132 default' style=''>\n    \n    \n    \n                <div class='image_holder'>\n                <a itemprop='url' class='portfolio_link_for_touch' href='https:\/\/akkreditierungsrat.ch\/it\/info\/prof-dr-christine-musselin\/' target='_self'>\n                    \n<span class='image'><img loading=\"lazy\" decoding=\"async\" width=\"1024\" height=\"683\" src=\"https:\/\/akkreditierungsrat.ch\/wp\/wp-content\/uploads\/2011\/01\/Christine-Musselin.jpg\" class=\"attachment-full size-full wp-post-image\" alt=\"\" srcset=\"https:\/\/akkreditierungsrat.ch\/wp\/wp-content\/uploads\/2011\/01\/Christine-Musselin.jpg 1024w, https:\/\/akkreditierungsrat.ch\/wp\/wp-content\/uploads\/2011\/01\/Christine-Musselin-300x200.jpg 300w, https:\/\/akkreditierungsrat.ch\/wp\/wp-content\/uploads\/2011\/01\/Christine-Musselin-768x512.jpg 768w, https:\/\/akkreditierungsrat.ch\/wp\/wp-content\/uploads\/2011\/01\/Christine-Musselin-700x467.jpg 700w\" sizes=\"auto, (max-width: 1024px) 100vw, 1024px\" \/><\/span>                <\/a>\n\n                <span class='text_holder'>\n    <span class='text_outer'>\n        <span class='text_inner'>\n            <span class='feature_holder'>\n                            <span class=\"feature_holder_icons\">';\n                            <a itemprop='image' class='lightbox qbutton small white' title='Prof Dr Christine Musselin' href='https:\/\/akkreditierungsrat.ch\/wp\/wp-content\/uploads\/2011\/01\/Christine-Musselin.jpg' data-rel='prettyPhoto[pretty_photo_gallery]'>zoom<\/a>\n    \n                            <a itemprop='url' class='preview qbutton small white' href='https:\/\/akkreditierungsrat.ch\/it\/info\/prof-dr-christine-musselin\/' target='_self'>view<\/i><\/a>\n    \n                                            <\/span>\n        <\/span>\n    <\/span>\n<\/span>            <\/div>\n                <div class='portfolio_description ' >\n\n        \n    <h5 itemprop=\"name\" class=\"portfolio_title entry_title\"><a itemprop=\"url\" href=\"https:\/\/akkreditierungsrat.ch\/it\/info\/prof-dr-christine-musselin\/\"  target=\"_self\"> Prof Dr Christine Musselin<\/a><\/h5>\n\n\n            <div style=\"background-color: #eaeaea\" class=\"portfolio_separator separator  small center\"><\/div>\n\n        \n    <\/div>\n        \n<\/article>\n<article class='mix portfolio_category_132 default' style=''>\n    \n    \n    \n                <div class='image_holder'>\n                <a itemprop='url' class='portfolio_link_for_touch' href='https:\/\/akkreditierungsrat.ch\/it\/info\/prof-dr-alberto-piatti\/' target='_self'>\n                    \n<span class='image'><img loading=\"lazy\" decoding=\"async\" width=\"1024\" height=\"683\" src=\"https:\/\/akkreditierungsrat.ch\/wp\/wp-content\/uploads\/2012\/01\/Alberto_Piatti_39.jpg\" class=\"attachment-full size-full wp-post-image\" alt=\"\" srcset=\"https:\/\/akkreditierungsrat.ch\/wp\/wp-content\/uploads\/2012\/01\/Alberto_Piatti_39.jpg 1024w, https:\/\/akkreditierungsrat.ch\/wp\/wp-content\/uploads\/2012\/01\/Alberto_Piatti_39-300x200.jpg 300w, https:\/\/akkreditierungsrat.ch\/wp\/wp-content\/uploads\/2012\/01\/Alberto_Piatti_39-768x512.jpg 768w, https:\/\/akkreditierungsrat.ch\/wp\/wp-content\/uploads\/2012\/01\/Alberto_Piatti_39-700x467.jpg 700w\" sizes=\"auto, (max-width: 1024px) 100vw, 1024px\" \/><\/span>                <\/a>\n\n                <span class='text_holder'>\n    <span class='text_outer'>\n        <span class='text_inner'>\n            <span class='feature_holder'>\n                            <span class=\"feature_holder_icons\">';\n                            <a itemprop='image' class='lightbox qbutton small white' title='Prof Dr Alberto Piatti' href='https:\/\/akkreditierungsrat.ch\/wp\/wp-content\/uploads\/2012\/01\/Alberto_Piatti_39.jpg' data-rel='prettyPhoto[pretty_photo_gallery]'>zoom<\/a>\n    \n                            <a itemprop='url' class='preview qbutton small white' href='https:\/\/akkreditierungsrat.ch\/it\/info\/prof-dr-alberto-piatti\/' target='_self'>view<\/i><\/a>\n    \n                                            <\/span>\n        <\/span>\n    <\/span>\n<\/span>            <\/div>\n                <div class='portfolio_description ' >\n\n        \n    <h5 itemprop=\"name\" class=\"portfolio_title entry_title\"><a itemprop=\"url\" href=\"https:\/\/akkreditierungsrat.ch\/it\/info\/prof-dr-alberto-piatti\/\"  target=\"_self\"> Prof Dr Alberto Piatti<\/a><\/h5>\n\n\n            <div style=\"background-color: #eaeaea\" class=\"portfolio_separator separator  small center\"><\/div>\n\n        \n    <\/div>\n        \n<\/article>\n<article class='mix portfolio_category_132 default' style=''>\n    \n    \n    \n                <div class='image_holder'>\n                <a itemprop='url' class='portfolio_link_for_touch' href='https:\/\/akkreditierungsrat.ch\/it\/info\/prof-dr-martine-rahier\/' target='_self'>\n                    \n<span class='image'><img loading=\"lazy\" decoding=\"async\" width=\"1024\" height=\"683\" src=\"https:\/\/akkreditierungsrat.ch\/wp\/wp-content\/uploads\/2003\/01\/Martine_Rahier_18.jpg\" class=\"attachment-full size-full wp-post-image\" alt=\"\" srcset=\"https:\/\/akkreditierungsrat.ch\/wp\/wp-content\/uploads\/2003\/01\/Martine_Rahier_18.jpg 1024w, https:\/\/akkreditierungsrat.ch\/wp\/wp-content\/uploads\/2003\/01\/Martine_Rahier_18-300x200.jpg 300w, https:\/\/akkreditierungsrat.ch\/wp\/wp-content\/uploads\/2003\/01\/Martine_Rahier_18-768x512.jpg 768w, https:\/\/akkreditierungsrat.ch\/wp\/wp-content\/uploads\/2003\/01\/Martine_Rahier_18-700x467.jpg 700w\" sizes=\"auto, (max-width: 1024px) 100vw, 1024px\" \/><\/span>                <\/a>\n\n                <span class='text_holder'>\n    <span class='text_outer'>\n        <span class='text_inner'>\n            <span class='feature_holder'>\n                            <span class=\"feature_holder_icons\">';\n                            <a itemprop='image' class='lightbox qbutton small white' title='Prof Dr Martine Rahier' href='https:\/\/akkreditierungsrat.ch\/wp\/wp-content\/uploads\/2003\/01\/Martine_Rahier_18.jpg' data-rel='prettyPhoto[pretty_photo_gallery]'>zoom<\/a>\n    \n                            <a itemprop='url' class='preview qbutton small white' href='https:\/\/akkreditierungsrat.ch\/it\/info\/prof-dr-martine-rahier\/' target='_self'>view<\/i><\/a>\n    \n                                            <\/span>\n        <\/span>\n    <\/span>\n<\/span>            <\/div>\n                <div class='portfolio_description ' >\n\n        \n    <h5 itemprop=\"name\" class=\"portfolio_title entry_title\"><a itemprop=\"url\" href=\"https:\/\/akkreditierungsrat.ch\/it\/info\/prof-dr-martine-rahier\/\"  target=\"_self\"> Prof Dr Martine Rahier<\/a><\/h5>\n\n\n            <div style=\"background-color: #eaeaea\" class=\"portfolio_separator separator  small center\"><\/div>\n\n        \n    <\/div>\n        \n<\/article>\n<article class='mix portfolio_category_132 default' style=''>\n    \n    \n    \n                <div class='image_holder'>\n                <a itemprop='url' class='portfolio_link_for_touch' href='https:\/\/akkreditierungsrat.ch\/it\/info\/prof-dr-gabriele-siegert\/' target='_self'>\n                    \n<span class='image'><img loading=\"lazy\" decoding=\"async\" width=\"1024\" height=\"683\" src=\"https:\/\/akkreditierungsrat.ch\/wp\/wp-content\/uploads\/2013\/01\/Gabriele_Siegert_19.jpg\" class=\"attachment-full size-full wp-post-image\" alt=\"\" srcset=\"https:\/\/akkreditierungsrat.ch\/wp\/wp-content\/uploads\/2013\/01\/Gabriele_Siegert_19.jpg 1024w, https:\/\/akkreditierungsrat.ch\/wp\/wp-content\/uploads\/2013\/01\/Gabriele_Siegert_19-300x200.jpg 300w, https:\/\/akkreditierungsrat.ch\/wp\/wp-content\/uploads\/2013\/01\/Gabriele_Siegert_19-768x512.jpg 768w, https:\/\/akkreditierungsrat.ch\/wp\/wp-content\/uploads\/2013\/01\/Gabriele_Siegert_19-700x467.jpg 700w\" sizes=\"auto, (max-width: 1024px) 100vw, 1024px\" \/><\/span>                <\/a>\n\n                <span class='text_holder'>\n    <span class='text_outer'>\n        <span class='text_inner'>\n            <span class='feature_holder'>\n                            <span class=\"feature_holder_icons\">';\n                            <a itemprop='image' class='lightbox qbutton small white' title='Prof Dr Gabriele Siegert' href='https:\/\/akkreditierungsrat.ch\/wp\/wp-content\/uploads\/2013\/01\/Gabriele_Siegert_19.jpg' data-rel='prettyPhoto[pretty_photo_gallery]'>zoom<\/a>\n    \n                            <a itemprop='url' class='preview qbutton small white' href='https:\/\/akkreditierungsrat.ch\/it\/info\/prof-dr-gabriele-siegert\/' target='_self'>view<\/i><\/a>\n    \n                                            <\/span>\n        <\/span>\n    <\/span>\n<\/span>            <\/div>\n                <div class='portfolio_description ' >\n\n        \n    <h5 itemprop=\"name\" class=\"portfolio_title entry_title\"><a itemprop=\"url\" href=\"https:\/\/akkreditierungsrat.ch\/it\/info\/prof-dr-gabriele-siegert\/\"  target=\"_self\"> Prof Dr Gabriele Siegert<\/a><\/h5>\n\n\n            <div style=\"background-color: #eaeaea\" class=\"portfolio_separator separator  small center\"><\/div>\n\n        \n    <\/div>\n        \n<\/article>\n<article class='mix portfolio_category_132 default' style=''>\n    \n    \n    \n                <div class='image_holder'>\n                <a itemprop='url' class='portfolio_link_for_touch' href='https:\/\/akkreditierungsrat.ch\/it\/info\/prof-dr-anita-tabacco\/' target='_self'>\n                    \n<span class='image'><img loading=\"lazy\" decoding=\"async\" width=\"1024\" height=\"683\" src=\"https:\/\/akkreditierungsrat.ch\/wp\/wp-content\/uploads\/2014\/01\/Anita_Tabacco_08.jpg\" class=\"attachment-full size-full wp-post-image\" alt=\"\" srcset=\"https:\/\/akkreditierungsrat.ch\/wp\/wp-content\/uploads\/2014\/01\/Anita_Tabacco_08.jpg 1024w, https:\/\/akkreditierungsrat.ch\/wp\/wp-content\/uploads\/2014\/01\/Anita_Tabacco_08-300x200.jpg 300w, https:\/\/akkreditierungsrat.ch\/wp\/wp-content\/uploads\/2014\/01\/Anita_Tabacco_08-768x512.jpg 768w, https:\/\/akkreditierungsrat.ch\/wp\/wp-content\/uploads\/2014\/01\/Anita_Tabacco_08-700x467.jpg 700w\" sizes=\"auto, (max-width: 1024px) 100vw, 1024px\" \/><\/span>                <\/a>\n\n                <span class='text_holder'>\n    <span class='text_outer'>\n        <span class='text_inner'>\n            <span class='feature_holder'>\n                            <span class=\"feature_holder_icons\">';\n                            <a itemprop='image' class='lightbox qbutton small white' title='Prof Dr Anita Tabacco' href='https:\/\/akkreditierungsrat.ch\/wp\/wp-content\/uploads\/2014\/01\/Anita_Tabacco_08.jpg' data-rel='prettyPhoto[pretty_photo_gallery]'>zoom<\/a>\n    \n                            <a itemprop='url' class='preview qbutton small white' href='https:\/\/akkreditierungsrat.ch\/it\/info\/prof-dr-anita-tabacco\/' target='_self'>view<\/i><\/a>\n    \n                                            <\/span>\n        <\/span>\n    <\/span>\n<\/span>            <\/div>\n                <div class='portfolio_description ' >\n\n        \n    <h5 itemprop=\"name\" class=\"portfolio_title entry_title\"><a itemprop=\"url\" href=\"https:\/\/akkreditierungsrat.ch\/it\/info\/prof-dr-anita-tabacco\/\"  target=\"_self\"> Prof Dr Anita Tabacco<\/a><\/h5>\n\n\n            <div style=\"background-color: #eaeaea\" class=\"portfolio_separator separator  small center\"><\/div>\n\n        \n    <\/div>\n        \n<\/article>\n<article class='mix portfolio_category_132 default' style=''>\n    \n    \n    \n                <div class='image_holder'>\n                <a itemprop='url' class='portfolio_link_for_touch' href='https:\/\/akkreditierungsrat.ch\/it\/info\/prof-dr-jean-robert-tyran\/' target='_self'>\n                    \n<span class='image'><img loading=\"lazy\" decoding=\"async\" width=\"1024\" height=\"683\" src=\"https:\/\/akkreditierungsrat.ch\/wp\/wp-content\/uploads\/2015\/01\/Jean_Robert_Tyran_18.jpg\" class=\"attachment-full size-full wp-post-image\" alt=\"\" srcset=\"https:\/\/akkreditierungsrat.ch\/wp\/wp-content\/uploads\/2015\/01\/Jean_Robert_Tyran_18.jpg 1024w, https:\/\/akkreditierungsrat.ch\/wp\/wp-content\/uploads\/2015\/01\/Jean_Robert_Tyran_18-300x200.jpg 300w, https:\/\/akkreditierungsrat.ch\/wp\/wp-content\/uploads\/2015\/01\/Jean_Robert_Tyran_18-768x512.jpg 768w, https:\/\/akkreditierungsrat.ch\/wp\/wp-content\/uploads\/2015\/01\/Jean_Robert_Tyran_18-700x467.jpg 700w\" sizes=\"auto, (max-width: 1024px) 100vw, 1024px\" \/><\/span>                <\/a>\n\n                <span class='text_holder'>\n    <span class='text_outer'>\n        <span class='text_inner'>\n            <span class='feature_holder'>\n                            <span class=\"feature_holder_icons\">';\n                            <a itemprop='image' class='lightbox qbutton small white' title='Prof Dr Jean-Robert Tyran' href='https:\/\/akkreditierungsrat.ch\/wp\/wp-content\/uploads\/2015\/01\/Jean_Robert_Tyran_18.jpg' data-rel='prettyPhoto[pretty_photo_gallery]'>zoom<\/a>\n    \n                            <a itemprop='url' class='preview qbutton small white' href='https:\/\/akkreditierungsrat.ch\/it\/info\/prof-dr-jean-robert-tyran\/' target='_self'>view<\/i><\/a>\n    \n                                            <\/span>\n        <\/span>\n    <\/span>\n<\/span>            <\/div>\n                <div class='portfolio_description ' >\n\n        \n    <h5 itemprop=\"name\" class=\"portfolio_title entry_title\"><a itemprop=\"url\" href=\"https:\/\/akkreditierungsrat.ch\/it\/info\/prof-dr-jean-robert-tyran\/\"  target=\"_self\"> Prof Dr Jean-Robert Tyran<\/a><\/h5>\n\n\n            <div style=\"background-color: #eaeaea\" class=\"portfolio_separator separator  small center\"><\/div>\n\n        \n    <\/div>\n        \n<\/article>\n        <div class='filler'><\/div>\n            <div class='filler'><\/div>\n            <div class='filler'><\/div>\n            <div class='filler'><\/div>\n            <div class='filler'><\/div>\n        <\/div>\n\n    \n    <\/div>[\/vc_column_inner][\/vc_row_inner][vc_empty_space height=&#8221;50px&#8221;][\/vc_column][\/vc_row]<\/p>\n<\/div>","protected":false},"excerpt":{"rendered":"<p>Der Akkreditierungsrat ist das gemeinsame Organ von Bund und Kantonen f\u00fcr die Akkreditierung und Qualit\u00e4tssicherung in der Schweizerischen Hochschullandschaft sowie Akkreditierungsinstanz f\u00fcr die Akkreditierungsverfahren nach HFKG. <\/p>\n","protected":false},"author":13,"featured_media":0,"parent":0,"menu_order":2,"comment_status":"closed","ping_status":"closed","template":"full_width.php","meta":{"footnotes":""},"class_list":["post-6972","page","type-page","status-publish","hentry"],"_links":{"self":[{"href":"https:\/\/akkreditierungsrat.ch\/it\/wp-json\/wp\/v2\/pages\/6972","targetHints":{"allow":["GET"]}}],"collection":[{"href":"https:\/\/akkreditierungsrat.ch\/it\/wp-json\/wp\/v2\/pages"}],"about":[{"href":"https:\/\/akkreditierungsrat.ch\/it\/wp-json\/wp\/v2\/types\/page"}],"author":[{"embeddable":true,"href":"https:\/\/akkreditierungsrat.ch\/it\/wp-json\/wp\/v2\/users\/13"}],"replies":[{"embeddable":true,"href":"https:\/\/akkreditierungsrat.ch\/it\/wp-json\/wp\/v2\/comments?post=6972"}],"version-history":[{"count":7,"href":"https:\/\/akkreditierungsrat.ch\/it\/wp-json\/wp\/v2\/pages\/6972\/revisions"}],"predecessor-version":[{"id":7277,"href":"https:\/\/akkreditierungsrat.ch\/it\/wp-json\/wp\/v2\/pages\/6972\/revisions\/7277"}],"wp:attachment":[{"href":"https:\/\/akkreditierungsrat.ch\/it\/wp-json\/wp\/v2\/media?parent=6972"}],"curies":[{"name":"wp","href":"https:\/\/api.w.org\/{rel}","templated":true}]}}